{"id":6199,"date":"2022-07-07T22:36:12","date_gmt":"2022-07-07T22:36:12","guid":{"rendered":"https:\/\/paramedic.ca\/a-propos-de-lapc\/comites\/"},"modified":"2022-10-25T16:49:36","modified_gmt":"2022-10-25T16:49:36","slug":"comites","status":"publish","type":"page","link":"https:\/\/paramedic.ca\/fr\/a-propos-de-lapc\/comites\/","title":{"rendered":"Comit\u00e9s"},"content":{"rendered":"\t\t<div data-elementor-type=\"wp-page\" data-elementor-id=\"6199\" class=\"elementor elementor-6199 elementor-4594\">\n\t\t\t\t\t\t<section class=\"elementor-section elementor-top-section elementor-element elementor-element-eed8515 elementor-section-boxed elementor-section-height-default elementor-section-height-default default-style\" data-id=\"eed8515\" data-element_type=\"section\" data-e-type=\"section\" data-settings=\"{&quot;rt_color_sets&quot;:&quot;default-style&quot;}\">\n\t\t\t\t\t\t<div class=\"elementor-container elementor-column-gap-default\">\n\t\t\t\t\t<div class=\"elementor-column elementor-col-100 elementor-top-column elementor-element elementor-element-7949f776\" data-id=\"7949f776\" data-element_type=\"column\" data-e-type=\"column\">\n\t\t\t<div class=\"elementor-widget-wrap elementor-element-populated\">\n\t\t\t\t\t\t<div class=\"elementor-element elementor-element-f759fed elementor-widget elementor-widget-wpb-heading\" data-id=\"f759fed\" data-element_type=\"widget\" data-e-type=\"widget\" data-widget_type=\"wpb-heading.default\">\n\t\t\t\t<div class=\"elementor-widget-container\">\n\t\t\t\t\t<h2 class=\"wpbits-heading\"><span><em>COMIT\u00c9S<\/em>  l'APC<\/span><\/h2>\t\t\t\t<\/div>\n\t\t\t\t<\/div>\n\t\t\t\t<div class=\"elementor-element elementor-element-ce5c3ee elementor-widget elementor-widget-shortcode\" data-id=\"ce5c3ee\" data-element_type=\"widget\" data-e-type=\"widget\" data-widget_type=\"shortcode.default\">\n\t\t\t\t<div class=\"elementor-widget-container\">\n\t\t\t\t\t\t\t<div class=\"elementor-shortcode\"><hr class=\"style-six margin-t0 margin-b0 \"  data-rt-animate=\"animate\" data-rt-animation-type=\"fadeInDown\" data-rt-animation-group=\"single\" ><\/div>\n\t\t\t\t\t\t<\/div>\n\t\t\t\t<\/div>\n\t\t\t\t<div class=\"elementor-element elementor-element-cba330c elementor-widget elementor-widget-text-editor\" data-id=\"cba330c\" data-element_type=\"widget\" data-e-type=\"widget\" data-widget_type=\"text-editor.default\">\n\t\t\t\t<div class=\"elementor-widget-container\">\n\t\t\t\t\t\t\t\t\t<p>Tous les comit\u00e9s sont responsables et comptables de la direction. Il y a trois comit\u00e9s permanents :<\/p>\n<ul>\n<li>La Commission de Certification<\/li>\n<li>La Commission de gouvernement et relations avec les m\u00e9dias (voir ci-dessous les Relations publiques)<\/li>\n<li>La Commission de Protection du praticien<\/li>\n<\/ul>\n\t\t\t\t\t\t\t\t<\/div>\n\t\t\t\t<\/div>\n\t\t\t\t<div class=\"elementor-element elementor-element-c1c1764 elementor-widget elementor-widget-text-editor\" data-id=\"c1c1764\" data-element_type=\"widget\" data-e-type=\"widget\" data-widget_type=\"text-editor.default\">\n\t\t\t\t<div class=\"elementor-widget-container\">\n\t\t\t\t\t\t\t\t\t<p>Le Conseil d&#8217;administration a cr\u00e9\u00e9 les comit\u00e9s sp\u00e9ciaux suivants :<\/p>\n<ul>\n<li>Le Comit\u00e9 ex\u00e9cutif qui se compose de fonctionnaires d\u00e9sign\u00e9s et au minimum comprend le directeur ex\u00e9cutif et le Bureau d&#8217;enregistrement. Le Comit\u00e9 ex\u00e9cutif g\u00e8re l&#8217;administration g\u00e9n\u00e9rale qui guide l&#8217;organisation.<\/li>\n<li>Le Comit\u00e9 du profil national des comp\u00e9tences professionnelles (PNCP) dont le r\u00f4le est de renouveler et de maintenir le PNCP.<\/li>\n<\/ul>\n\t\t\t\t\t\t\t\t<\/div>\n\t\t\t\t<\/div>\n\t\t\t\t<div class=\"elementor-element elementor-element-83c64c5 elementor-widget elementor-widget-wpb-heading\" data-id=\"83c64c5\" data-element_type=\"widget\" data-e-type=\"widget\" data-widget_type=\"wpb-heading.default\">\n\t\t\t\t<div class=\"elementor-widget-container\">\n\t\t\t\t\t<h2 class=\"wpbits-heading\"><span><em>RELATIONS<\/em> PUBLIQUES<\/span><\/h2>\t\t\t\t<\/div>\n\t\t\t\t<\/div>\n\t\t\t\t<div class=\"elementor-element elementor-element-a78c61a elementor-widget elementor-widget-shortcode\" data-id=\"a78c61a\" data-element_type=\"widget\" data-e-type=\"widget\" data-widget_type=\"shortcode.default\">\n\t\t\t\t<div class=\"elementor-widget-container\">\n\t\t\t\t\t\t\t<div class=\"elementor-shortcode\"><hr class=\"style-six margin-t0 margin-b0 \"  data-rt-animate=\"animate\" data-rt-animation-type=\"fadeInDown\" data-rt-animation-group=\"single\" ><\/div>\n\t\t\t\t\t\t<\/div>\n\t\t\t\t<\/div>\n\t\t\t\t<div class=\"elementor-element elementor-element-1a08f46 elementor-widget elementor-widget-text-editor\" data-id=\"1a08f46\" data-element_type=\"widget\" data-e-type=\"widget\" data-widget_type=\"text-editor.default\">\n\t\t\t\t<div class=\"elementor-widget-container\">\n\t\t\t\t\t\t\t\t\t<p>L&#8217;Association des param\u00e9dicaux du Canada (APC) se consacre \u00e0 l&#8217;am\u00e9lioration des communications: au sein de la profession, au public, aux m\u00e9dias et aux politiciens.<\/p>\n<p>Le Comit\u00e9 de relations publiques d\u00e9terminera ce que l&#8217;APC doit faire pour soutenir cette initiative et comment nous pouvons atteindre nos objectifs pour promouvoir notre profession, prot\u00e9ger nos patients et supporter nos communaut\u00e9s.<\/p>\n<p>Si vous avez des id\u00e9es concernant la fa\u00e7on dont nous pouvons atteindre ces objectifs ou si vous avez des suggestions sur ce que l&#8217;APC devrait faire dans ce domaine, alors veuillez nous envoyer vos suggestions.<\/p>\n\t\t\t\t\t\t\t\t<\/div>\n\t\t\t\t<\/div>\n\t\t\t\t\t<\/div>\n\t\t<\/div>\n\t\t\t\t\t<\/div>\n\t\t<\/section>\n\t\t\t\t<\/div>\n\t\t","protected":false},"excerpt":{"rendered":"<p>COMIT\u00c9S l&#8217;APC Tous les comit\u00e9s sont responsables et comptables de la direction. Il y a trois comit\u00e9s permanents : La Commission de Certification La Commission de gouvernement et relations avec les m\u00e9dias (voir ci-dessous les Relations publiques) La Commission de Protection du praticien Le Conseil d&#8217;administration a cr\u00e9\u00e9 les comit\u00e9s sp\u00e9ciaux suivants : Le Comit\u00e9 [&hellip;]<\/p>\n","protected":false},"author":3,"featured_media":0,"parent":6181,"menu_order":1,"comment_status":"closed","ping_status":"closed","template":"elementor_header_footer","meta":{"footnotes":""},"class_list":["post-6199","page","type-page","status-publish","hentry"],"_links":{"self":[{"href":"https:\/\/paramedic.ca\/fr\/wp-json\/wp\/v2\/pages\/6199","targetHints":{"allow":["GET"]}}],"collection":[{"href":"https:\/\/paramedic.ca\/fr\/wp-json\/wp\/v2\/pages"}],"about":[{"href":"https:\/\/paramedic.ca\/fr\/wp-json\/wp\/v2\/types\/page"}],"author":[{"embeddable":true,"href":"https:\/\/paramedic.ca\/fr\/wp-json\/wp\/v2\/users\/3"}],"replies":[{"embeddable":true,"href":"https:\/\/paramedic.ca\/fr\/wp-json\/wp\/v2\/comments?post=6199"}],"version-history":[{"count":4,"href":"https:\/\/paramedic.ca\/fr\/wp-json\/wp\/v2\/pages\/6199\/revisions"}],"predecessor-version":[{"id":6203,"href":"https:\/\/paramedic.ca\/fr\/wp-json\/wp\/v2\/pages\/6199\/revisions\/6203"}],"up":[{"embeddable":true,"href":"https:\/\/paramedic.ca\/fr\/wp-json\/wp\/v2\/pages\/6181"}],"wp:attachment":[{"href":"https:\/\/paramedic.ca\/fr\/wp-json\/wp\/v2\/media?parent=6199"}],"curies":[{"name":"wp","href":"https:\/\/api.w.org\/{rel}","templated":true}]}}